{"version":"1.0","provider_name":"DITRICH MONRO","provider_url":"https:\/\/ditrichmonro.cafeblog.hu","author_name":"Ditrich Monro","author_url":"https:\/\/ditrichmonro.cafeblog.hu\/author\/ditrich_monro\/","title":"Az id\u0151 urai","html":"<div><span style=\"font-size:small\"><span style=\"font-family:inherit\"><b>&lt;!--   @page { margin: 2cm }   P { margin-bottom: 0.21cm<\/b><span style=\"font-style:normal\"><span style=\"color:#444444\"><b>(Les m\u00e2itres du temps, 1982, R: Ren\u00e9 Laloux)<\/b><\/span><\/span><\/span><\/span><\/div><span style=\"font-size:small\"><span style=\"font-family:inherit\"> <\/span><\/span><span style=\"font-size:small\"><span style=\"font-family:inherit\"><b> <\/b><\/span><\/span><br \/><br \/><span style=\"font-size:small\"><span style=\"font-family:inherit\"><b>Ditrich<\/b>:&nbsp;<\/span><\/span><br \/><br \/><div>Egy kultikus francia-magyar koprodukci\u00f3; a hangs\u00faly a franci\u00e1n van, a magyar k\u00f6zrem\u0171k\u00f6d\u00e9s a Pann\u00f3nia Filmst\u00fadi\u00f3 anim\u00e1torait dics\u00e9ri.  <\/div><br \/><div><a href=\"https:\/\/ditrichmonro.cafeblog.hu\/files\/2013\/07\/idc5912.png\" style=\"margin-left:1em;margin-right:1em\"><img border=\"0\" src=\"https:\/\/ditrichmonro.cafeblog.hu\/files\/2013\/07\/idc5912.png?w=300\" height=\"237\" width=\"400\" \/><\/a><\/div><div><br \/><\/div><div><\/div><div>Kor\u00e1ntsem hib\u00e1tlan anim\u00e1ci\u00f3s film, de t\u00f6bb kiemelked\u0151 kvalit\u00e1ssal b\u00fcszk\u00e9lkedhet. Ha az <i>Az id\u0151 urai<\/i> m\u00f6g\u00f6tt angolsz\u00e1sz alkot\u00f3g\u00e1rda \u00e1llt volna, akkor most egy vil\u00e1gh\u00edr\u0171 filmr\u0151l \u00edrn\u00e9k. Mindenesetre itthon nagyon sok csod\u00e1l\u00f3ja van.  <\/div><div><br \/><\/div><div>A kis Piel mag\u00e1ra marad a Perdide nevezet\u0171 bolyg\u00f3n, miut\u00e1n apj\u00e1val k\u00f6zleked\u00e9si balesetet szenvednek, amit az apa nem \u00e9l t\u00fal. Utols\u00f3 ment\u0151\u00f6vk\u00e9nt egy mobilkommunik\u00e1ci\u00f3s eszk\u00f6zt ad a fi\u00e1nak, Mikit, amivel fel tudja venni \u00e9s tartani tudja a kapcsolatot apja bar\u00e1tj\u00e1val, Jaffarral. (\u00c9rdemes megjegyezni, hogy Miki fest\u00e9se er\u0151sen eml\u00e9keztet a jing \u00e9s jang szimb\u00f3lumra.) Jaffar, felbor\u00edtva saj\u00e1t menetrendj\u00e9t, elindul \u0171rhaj\u00f3j\u00e1val megmenteni a kisfi\u00fat, l\u00e9nyeg\u00e9ben err\u0151l a ment\u0151akci\u00f3r\u00f3l sz\u00f3l az <i>Az id\u0151 urai<\/i><span style=\"font-style:normal\">.<\/span><\/div><div><br \/><\/div><div>Az elej\u00e9n, amikor Piel mag\u00e1nyosan k\u00f3sz\u00e1l a Perdide-en mindig az \u00e1rtatlans\u00e1g \u00e9rz\u00e9se fog el. Ehhez nyilv\u00e1n az is hozz\u00e1j\u00e1rul, hogy Piel nem nagyon esik k\u00e9ts\u00e9gbe, nyugodt marad \u00e9s sok\u00e1ig egy\u00e1ltal\u00e1n nem f\u00e9l, igaz, nincs is oka r\u00e1, mivel kezdetben a bar\u00e1ts\u00e1gos oldal\u00e1t mutatja a Perdide bolyg\u00f3. Miki, a nagy hat\u00f3t\u00e1vols\u00e1g\u00fa walkie-talkie pedig, ak\u00e1r egy besz\u00e9l\u0151 maci, mindig vigaszt ny\u00fajt neki \u2013 persze csak akkor, amikor nem a herceg besz\u00e9l bele.<\/div><div><br \/><\/div><table align=\"center\" cellpadding=\"0\" cellspacing=\"0\" class=\"tr-caption-container\" style=\"margin-left:auto;margin-right:auto;text-align:center\"><tbody><tr align=\"justify\"><td><a href=\"https:\/\/ditrichmonro.cafeblog.hu\/files\/2013\/07\/idc5911.png\" style=\"margin-left:auto;margin-right:auto\"><img border=\"0\" src=\"https:\/\/ditrichmonro.cafeblog.hu\/files\/2013\/07\/idc5911.png?w=300\" height=\"237\" width=\"400\" \/><\/a><\/td><\/tr><tr><td class=\"tr-caption\" style=\"text-align:center\"><b>Gyan\u00fas k\u00f6rvonal\u00fa asztali n\u00f6v\u00e9ny<\/b><\/td><\/tr><\/tbody><\/table><div>Teljesen k\u00e9szen van az els\u0151 jelenet Jaffar \u0171rhaj\u00f3ja fed\u00e9lzet\u00e9n: majdnem \u00f6ssze\u00fctk\u00f6znek egy meteorral, mert Matton herceg t\u00fals\u00e1gosan belemer\u00fcl a lazul\u00e1sba. \u201e<i>A kijelz\u0151k mi\u00f3ta villognak?<\/i>\u201d Zseni\u00e1lis!!  A herceg am\u00fagy pont egy cigit sz\u00edv \u2013 ami ak\u00e1r f\u00fcves cigi is lehetne, tekintve, hogy nagyon elbambult sz\u00edv\u00e1s k\u00f6zben. K\u00e9s\u0151bb egy\u00e9bk\u00e9nt lesz m\u00e9g egy nagyon f\u00e9lre\u00e9rthet\u0151 utal\u00e1s arra a bizonyos pszichoakt\u00edv n\u00f6v\u00e9nyre, amikor Silbadn\u00e1l vend\u00e9geskednek \u00e9s a naplement\u00e9n\u00e9l csevegnek az asztaln\u00e1l - l\u00e1sd fenti k\u00e9p.<\/div><div><br \/><\/div><div>A Gamma 10 bolyg\u00f3 h\u00e1tborzongat\u00f3 sz\u00e1rnyas l\u00e9nyei, az arcn\u00e9lk\u00fcliek nagyon el lettek tal\u00e1lva. Ellens\u00e9g\u00fck a soksz\u00edn\u0171s\u00e9g, az egyformas\u00e1g a hitvall\u00e1suk - mindezt ak\u00e1r a modern t\u00f6megkult\u00fara fricsk\u00e1jak\u00e9nt is fel lehetne fogni.<\/div><div><br \/><\/div><div>Szinte mindig gyerekfilmk\u00e9nt kategoriz\u00e1lj\u00e1k az <i>Az id\u0151 urai<\/i>t, pedig nagyon nem gyerekeknek val\u00f3. \u00c9n szem\u00e9ly szerint el\u0151sz\u00f6r \u00e1ltal\u00e1nos iskol\u00e1ban (!) l\u00e1ttam, mert valami\u00e9rt megn\u00e9zett\u00e9k vel\u00fcnk \u00e9s eml\u00e9kszem, hogy nagyon par\u00e1ztam az arcn\u00e9lk\u00fcliekt\u0151l. M\u00e1sokt\u00f3l is hallottam, akik gyerekk\u00e9nt n\u00e9zt\u00e9k meg az <i>Az id\u0151 urai<\/i>t, hogy a Gamma 10 lak\u00f3i el\u00e9gg\u00e9 f\u00e9lelmetesek voltak. Ezenk\u00edv\u00fcl kell egy bizonyos \u00e9retts\u00e9g, hogy az ember felfogja a l\u00e9nyeget. R\u00e1ad\u00e1sul maguk a figur\u00e1k sem \u00e9ppen olyanok, mintha egy mesek\u00f6nyvb\u0151l ugrottak volna ki; ilyen p\u00e9ld\u00e1ul a nagymell\u0171 Belle vagy az androg\u00fcn Matton herceg.<\/div><div><br \/><\/div><div>Megvannak a maga hib\u00e1i a filmnek: lehetn\u00e9nek <span style=\"font-style:normal\">kidolgozottabbak is a karakterek,<\/span><span style=\"font-style:normal\"> a v\u00e9g\u00e9re elfogy az er\u0151 a sztorib\u00f3l \u00e9s <\/span><span style=\"font-style:normal\">a csattan\u00f3 magyar\u00e1zat\u00e1ba <\/span><span style=\"font-style:normal\">is<\/span><span style=\"font-style:normal\">bele lehet k\u00f6tni a logikai bukfencek miatt, de \u00f6sszess\u00e9g\u00e9ben felejthetetlen \u00e9lm\u00e9ny az <\/span><i>Az id\u0151 urai<\/i><span style=\"font-style:normal\">.<\/span><\/div><div><br \/><\/div><div>Moebius l\u00e1tv\u00e1nytervei fantasztikusak, minden k\u00e9pkocka k\u00fcl\u00f6n \u00e9lvezet.  <\/div><div><br \/><\/div><div>\u201e<i>Itt egy gondolat b\u0171zlik.<\/i>\u201d<\/div>","type":"rich"}